{"id":239,"date":"2015-10-23T05:43:43","date_gmt":"2015-10-23T05:43:43","guid":{"rendered":"http:\/\/begegnung-lienen.de\/?page_id=239"},"modified":"2020-02-07T08:27:03","modified_gmt":"2020-02-07T08:27:03","slug":"gesucht","status":"publish","type":"page","link":"http:\/\/begegnung-lienen.de\/?page_id=239","title":{"rendered":"Gesucht"},"content":{"rendered":"<p><strong>Sie m\u00f6chten sich einbringen?<\/strong><\/p>\n<p>Wir freuen uns \u00fcber jede Hilfe &#8211; derzeit vor allem \u00fcber Menschen, die als Lotse\/Pate Gefl\u00fcchteten Unterst\u00fctzung geben wollen, \u00fcber die Unterst\u00fctzung unserer Sprachkurse (als Deutschlehrer &#8211; gerne auch als Vertretung \/ Springer ohne regelm\u00e4\u00dfige Verpflichtung) und \u00fcber die Unterst\u00fctzung unserer Kinderbetreuung, damit auch gefl\u00fcchtete M\u00fctter den Deutschkurs besuchen k\u00f6nnen. Auch unsere weiteren Arbeitsgruppen freuen sich \u00fcber jede\/n Interessierte\/n: Kontakt direkt \u00fcber die jeweiligen <a href=\"http:\/\/begegnung-lienen.de\/?page_id=237\" target=\"_blank\" rel=\"noopener noreferrer\">Arbeitsgruppen<\/a> oder info@begegnung-lienen.de<\/p>\n<p><strong>Aktuell gesucht:<\/strong><\/p>\n<p>Die Gemeinde Lienen und Lisa Hilburg haben eine Liste von ben\u00f6tigten Dingen zusammengestellt &#8211; welche Gegenst\u00e4nde von der Gemeinde und welche vom Kleiderfundus angenommen werden finden Sie hier (bitte beachten Sie die zwei unterschiedlichen Annahmestellen: Gemeinde bzw. Kleiderfundus).<\/p>\n<p><strong>1. Hausrat &#8211; abzugeben bei der Gemeindeverwaltung!<\/strong><\/p>\n<p>Fernsehger\u00e4te &#8211; SAT-Receiver \u2013 Staubsauger \u2013 Wasserkocher- B\u00fcgeleisen \u2013 Mikrowellen -Toaster<br \/>\nGeschirr &#8211; Wassergl\u00e4ser &#8211; Besteck &#8211; s\u00e4mtliche K\u00fcchenutensilien, wie Pfannenmesser, Schneebesen, Sch\u00fcsseln usw.<br \/>\nGro\u00dfe Kocht\u00f6pfe &#8211; T\u00f6pfe \u2013 Bratpfannen &#8211; Trockent\u00fccher<br \/>\nHand- und Duscht\u00fccher &#8211; Waschlappen -Bettw\u00e4sche &#8211; Bettlaken und Spannbettt\u00fccher<br \/>\nWolldecken &#8211; Kissen (keine Federn) &#8211; Bettdecken (keine Federn)<br \/>\nW\u00e4schest\u00e4nder<br \/>\nTeppiche, Kommoden, Tische, St\u00fchle, Couchen, Kleiderschr\u00e4nke, Garderoben<br \/>\nTeppiche<\/p>\n<p>Bitte nehmen Sie Kontakt auf mit: <strong>Christina Kortmann-Zuch<\/strong>, Gemeinde Lienen &#8211; Fachbereich 30 Ordnung, Bildung, Soziales &#8211; Hauptstra\u00dfe 14 49536 Lienen<br \/>\nTel.: 05483 \/ 7396 &#8211; 72<br \/>\nFax: 05483 \/ 7396 &#8211; 49<br \/>\nE-Mail: c.kortmann-zuch@lienen.de Internet: www.lienen.de<\/p>\n<p>&#8212;&#8212;&#8212;&#8212;&#8212;&#8212;&#8212;&#8212;&#8212;&#8212;&#8212;&#8212;&#8212;&#8212;&#8212;&#8212;&#8212;&#8212;&#8212;&#8212;&#8212;&#8212;&#8212;&#8212;&#8212;&#8212;&#8212;&#8212;&#8212;&#8212;&#8212;&#8212;&#8212;<\/p>\n<p><strong>2. Kleidung &#8211; abzugeben im Fundus, Hauptstra\u00dfe 30<\/strong><\/p>\n<p>F\u00fcr unsere Kleiderkammer FUNDUS (jetzt Hauptstrasse 30 Lienen Farbenm\u00fchle Gersie Hintereingang Kellergeschoss) bitten wir um<\/p>\n<p>&#8211; gut erhaltene, saubere, modische Kleidungsst\u00fccke und Schuhe der jeweiligen Saison, vorwiegend in kleineren Gr\u00f6\u00dfen; au\u00dferdem Bettw\u00e4sche (Laken und Bez\u00fcge), Handt\u00fccher und Tischw\u00e4sche. Des Weiteren gut erhaltene S\u00e4uglings-, Kleinkinder- und Kinderbekleidung. Bekleidung, die nicht der aktuellen Saison entspricht, kann aus Mangel an Lagerm\u00f6glichkeiten nicht angenommen werden.<\/p>\n<p>Bettwaren, Einziehdecken, Federbetten und Kopfkissen k\u00f6nnen aus hygienischen Gr\u00fcnden nicht angenommen werden.<br \/>\nSpielzeug nur in eng begrenztem Rahmen.<\/p>\n<p><strong>Wir freuen uns \u00fcber jeden ehrenamtlichen Helfer zur Unterst\u00fctzung (weiblich, m\u00e4nnlich, Sch\u00fcler\/innen, Studenten\/innen &#8211; auch Fahrdienstler gesucht)<\/strong><\/p>\n<p><strong>Geldspenden &#8211; Spenden-Konto zur Unterst\u00fctzung der Fl\u00fcchtlinge in Lienen<\/strong><br \/>\nDie AWO Lienen erm\u00f6glicht uns die Abwicklung von Spenden \u00fcber ein offizielles Spendenkonto. F\u00fcr eine Einzahlung\/Spende ist es wichtig, einen eindeutigen Betreff anzugeben: &#8222;<strong>Fl\u00fcchtlingshilfe<\/strong>&#8222;, ggf. kann gern auch zus\u00e4tzlich ein genauerer Verwendungszweck (z.B. Kleiderfundus, Einzelhilfe f\u00fcr . . .) angegeben werden:<\/p>\n<p>Kontoinhaber: AWO Bezirk Westl. Westfalen, Ortsgruppe Lienen<br \/>\nIBAN: DE 85 4035 1060 0073 6972 78<br \/>\nBIC: WELADED1STF<\/p>\n<p>S\u00e4mtliche Spenden werden ohne Abzug f\u00fcr die Unterst\u00fctzung von Hilfsbed\u00fcrftigen in Lienen verwendet. Insbesondere werden mittels Spenden derzeit Hilfen f\u00fcr den Sprachunterricht, Schulutensilien, Sportausr\u00fcstungen f\u00fcr die Kinder und Jugendlichen und Fahrradteile finanziert.<\/p>\n","protected":false},"excerpt":{"rendered":"<p>Sie m\u00f6chten sich einbringen? Wir freuen uns \u00fcber jede Hilfe &#8211; derzeit vor allem \u00fcber Menschen, die als Lotse\/Pate Gefl\u00fcchteten Unterst\u00fctzung geben wollen, \u00fcber die Unterst\u00fctzung unserer Sprachkurse (als Deutschlehrer &#8211; gerne auch als Vertretung \/ Springer ohne regelm\u00e4\u00dfige Verpflichtung) und \u00fcber die Unterst\u00fctzung unserer Kinderbetreuung, damit auch gefl\u00fcchtete M\u00fctter den Deutschkurs besuchen k\u00f6nnen. Auch [&hellip;]<\/p>\n","protected":false},"author":2,"featured_media":0,"parent":0,"menu_order":0,"comment_status":"closed","ping_status":"closed","template":"","meta":{"footnotes":""},"class_list":["post-239","page","type-page","status-publish","hentry"],"_links":{"self":[{"href":"http:\/\/begegnung-lienen.de\/index.php?rest_route=\/wp\/v2\/pages\/239"}],"collection":[{"href":"http:\/\/begegnung-lienen.de\/index.php?rest_route=\/wp\/v2\/pages"}],"about":[{"href":"http:\/\/begegnung-lienen.de\/index.php?rest_route=\/wp\/v2\/types\/page"}],"author":[{"embeddable":true,"href":"http:\/\/begegnung-lienen.de\/index.php?rest_route=\/wp\/v2\/users\/2"}],"replies":[{"embeddable":true,"href":"http:\/\/begegnung-lienen.de\/index.php?rest_route=%2Fwp%2Fv2%2Fcomments&post=239"}],"version-history":[{"count":26,"href":"http:\/\/begegnung-lienen.de\/index.php?rest_route=\/wp\/v2\/pages\/239\/revisions"}],"predecessor-version":[{"id":1023,"href":"http:\/\/begegnung-lienen.de\/index.php?rest_route=\/wp\/v2\/pages\/239\/revisions\/1023"}],"wp:attachment":[{"href":"http:\/\/begegnung-lienen.de\/index.php?rest_route=%2Fwp%2Fv2%2Fmedia&parent=239"}],"curies":[{"name":"wp","href":"https:\/\/api.w.org\/{rel}","templated":true}]}}